{"id":9231,"date":"2025-07-25T13:25:50","date_gmt":"2025-07-25T13:25:50","guid":{"rendered":"https:\/\/conectesites.com.br\/comotec\/?page_id=9231"},"modified":"2025-09-24T18:19:35","modified_gmt":"2025-09-24T18:19:35","slug":"responsabilidade-social","status":"publish","type":"page","link":"https:\/\/comotec.com.br\/?page_id=9231","title":{"rendered":"Responsabilidade Social"},"content":{"rendered":"\t\t<div data-elementor-type=\"wp-page\" data-elementor-id=\"9231\" class=\"elementor elementor-9231\" data-elementor-post-type=\"page\">\n\t\t\t\t        <section class=\"elementor-section elementor-top-section elementor-element elementor-element-23e87ab elementor-section-boxed elementor-section-height-default elementor-section-height-default ct-header-fixed-none ct-column-none ct-row-scroll-none\" data-id=\"23e87ab\" data-element_type=\"section\">\n            \n                        <div class=\"elementor-container elementor-column-gap-default \">\n                    <div class=\"elementor-column elementor-col-50 elementor-top-column elementor-element elementor-element-9cd172b ct-column-none\" data-id=\"9cd172b\" data-element_type=\"column\">\n        <div class=\"elementor-widget-wrap\">\n                    \n                    <\/div>\n        <\/div>\n                <div class=\"elementor-column elementor-col-50 elementor-top-column elementor-element elementor-element-03e96cd ct-column-none\" data-id=\"03e96cd\" data-element_type=\"column\">\n        <div class=\"elementor-widget-wrap elementor-element-populated\">\n                    \n        \t\t<div class=\"elementor-element elementor-element-519017a elementor-hidden-desktop elementor-hidden-tablet elementor-hidden-mobile elementor-widget elementor-widget-ct_text_editor\" data-id=\"519017a\" data-element_type=\"widget\" data-widget_type=\"ct_text_editor.default\">\n\t\t\t\t<div class=\"elementor-widget-container\">\n\t\t\t\t\t<div id=\"ct_text_editor-519017a\" class=\"ct-text-editor \" data-wow-delay=\"ms\">\n\t<div class=\"ct-inline-css\"  data-css=\"\n        \t\t\">\n\n    <\/div>\n\t<div class=\"ct-text-editor elementor-clearfix\">\n\t\t<p><b>Conte\u00fado:<\/b><\/p><p>Carta ao colaborador<br \/>1. Miss\u00e3o e Vis\u00e3o<br \/>2. Valores<br \/>3. Abrang\u00eancia e Alcance<br \/>4. Ader\u00eancia Legal e Normativa<br \/>5. Seguran\u00e7a da Informa\u00e7\u00e3o e Confidencialidade<br \/>6. Terceiros<br \/>7. Sustentabilidade<br \/>8. Pol\u00edtica anti-Suborno<br \/>9. Compromisso Comotec<br \/>10.Consequ\u00eancia de Condutas Inadequadas<br \/>11. Medidas Disciplinares<br \/>12. Canal de Den\u00fancias<\/p>\t\t\n\t<\/div>\n<\/div>\t\t\t\t<\/div>\n\t\t\t\t<\/div>\n\t\t            <\/div>\n        <\/div>\n                    <\/div>\n        <\/section>\n                <section class=\"elementor-section elementor-top-section elementor-element elementor-element-0302daf elementor-section-boxed elementor-section-height-default elementor-section-height-default ct-header-fixed-none ct-column-none ct-row-scroll-none\" data-id=\"0302daf\" data-element_type=\"section\">\n            \n                        <div class=\"elementor-container elementor-column-gap-default \">\n                    <div class=\"elementor-column elementor-col-100 elementor-top-column elementor-element elementor-element-4bf86b4 ct-column-none\" data-id=\"4bf86b4\" data-element_type=\"column\">\n        <div class=\"elementor-widget-wrap elementor-element-populated\">\n                    \n        \t\t<div class=\"elementor-element elementor-element-c0749a6 elementor-widget elementor-widget-shortcode\" data-id=\"c0749a6\" data-element_type=\"widget\" data-widget_type=\"shortcode.default\">\n\t\t\t\t<div class=\"elementor-widget-container\">\n\t\t\t\t\t\t\t<div class=\"elementor-shortcode\"><div class=\"_df_book df-lite\" id=\"df_9450\"  _slug=\"v1-8\" data-title=\"v1-8\" wpoptions=\"true\" thumbtype=\"\" ><\/div><script class=\"df-shortcode-script\" nowprocket type=\"application\/javascript\">window.option_df_9450 = {\"outline\":[],\"autoEnableOutline\":\"false\",\"autoEnableThumbnail\":\"false\",\"overwritePDFOutline\":\"false\",\"direction\":\"1\",\"pageSize\":\"0\",\"source\":\"https:\\\/\\\/comotec.com.br\\\/wp-content\\\/uploads\\\/2025\\\/09\\\/Anexo-1.7-PGI-101-Responsabilidade-corporativa-R22.pdf\",\"wpOptions\":\"true\"}; if(window.DFLIP && window.DFLIP.parseBooks){window.DFLIP.parseBooks();}<\/script><\/div>\n\t\t\t\t\t\t<\/div>\n\t\t\t\t<\/div>\n\t\t            <\/div>\n        <\/div>\n                    <\/div>\n        <\/section>\n        <div class=\"elementor-element elementor-element-794e44f e-flex e-con-boxed e-con e-parent\" data-id=\"794e44f\" data-element_type=\"container\">\n\t\t\t\t\t<div class=\"e-con-inner\">\n\t\t\t\t<div class=\"elementor-element elementor-element-5e2bf3d elementor-widget elementor-widget-ct_text_editor\" data-id=\"5e2bf3d\" data-element_type=\"widget\" data-widget_type=\"ct_text_editor.default\">\n\t\t\t\t<div class=\"elementor-widget-container\">\n\t\t\t\t\t<div id=\"ct_text_editor-5e2bf3d\" class=\"ct-text-editor \" data-wow-delay=\"ms\">\n\t<div class=\"ct-inline-css\"  data-css=\"\n        \t\t\">\n\n    <\/div>\n\t<div class=\"ct-text-editor elementor-clearfix\">\n\t\t<p>O colaborador, parte interessada ou terceiro que tenha d\u00favidas sobre qualquer dos princ\u00edpios ou diretrizes desse c\u00f3digo Comotec ou entenda e\/ou suspeite que ele esteja sendo violado ou possa ser violado, dever\u00e1 fazer uso dos Canais de Den\u00fancias tais como:<\/p><ul><li>Telefone: +55 (11) 3459-9750 \u2013<\/li><li>E-mail: <a href=\"mailto:conselhodeetica@comotec.com.br\">conselhodeetica@comotec.com.br<\/a>;<\/li><li>Carta para: Conselho de \u00c9tica da Comotec, no endere\u00e7o Rua Limeira, 41, Lagoa seca \u2013 SP, CEP 13454-214.<\/li><li>Link-den\u00fancia: <a href=\"https:\/\/form.jotform.com\/252594314804660\">https:\/\/form.jotform.com\/252594314804660<\/a><\/li><\/ul>\t\t\n\t<\/div>\n<\/div>\t\t\t\t<\/div>\n\t\t\t\t<\/div>\n\t\t\t\t\t<\/div>\n\t\t\t\t<\/div>\n\t\t\t\t<\/div>\n\t\t","protected":false},"excerpt":{"rendered":"<p>Conte\u00fado: Carta ao colaborador1. Miss\u00e3o e Vis\u00e3o2. Valores3. Abrang\u00eancia e Alcance4. Ader\u00eancia Legal e Normativa5. Seguran\u00e7a da Informa\u00e7\u00e3o e Confidencialidade6. Terceiros7. Sustentabilidade8. Pol\u00edtica anti-Suborno9. Compromisso Comotec10.Consequ\u00eancia de Condutas Inadequadas11. Medidas Disciplinares12. Canal de Den\u00fancias O colaborador, parte interessada ou terceiro que tenha d\u00favidas sobre qualquer dos princ\u00edpios ou diretrizes desse c\u00f3digo Comotec ou entenda e\/ou [&hellip;]<\/p>\n","protected":false},"author":1,"featured_media":0,"parent":0,"menu_order":0,"comment_status":"closed","ping_status":"closed","template":"","meta":{"footnotes":""},"class_list":["post-9231","page","type-page","status-publish","hentry"],"_links":{"self":[{"href":"https:\/\/comotec.com.br\/index.php?rest_route=\/wp\/v2\/pages\/9231","targetHints":{"allow":["GET"]}}],"collection":[{"href":"https:\/\/comotec.com.br\/index.php?rest_route=\/wp\/v2\/pages"}],"about":[{"href":"https:\/\/comotec.com.br\/index.php?rest_route=\/wp\/v2\/types\/page"}],"author":[{"embeddable":true,"href":"https:\/\/comotec.com.br\/index.php?rest_route=\/wp\/v2\/users\/1"}],"replies":[{"embeddable":true,"href":"https:\/\/comotec.com.br\/index.php?rest_route=%2Fwp%2Fv2%2Fcomments&post=9231"}],"version-history":[{"count":28,"href":"https:\/\/comotec.com.br\/index.php?rest_route=\/wp\/v2\/pages\/9231\/revisions"}],"predecessor-version":[{"id":9458,"href":"https:\/\/comotec.com.br\/index.php?rest_route=\/wp\/v2\/pages\/9231\/revisions\/9458"}],"wp:attachment":[{"href":"https:\/\/comotec.com.br\/index.php?rest_route=%2Fwp%2Fv2%2Fmedia&parent=9231"}],"curies":[{"name":"wp","href":"https:\/\/api.w.org\/{rel}","templated":true}]}}